{"id":641,"date":"2019-01-18T18:27:39","date_gmt":"2019-01-18T17:27:39","guid":{"rendered":"https:\/\/www.voecklabruck.org\/WPVB\/?page_id=641"},"modified":"2025-04-02T12:18:17","modified_gmt":"2025-04-02T10:18:17","slug":"gemeinderat","status":"publish","type":"page","link":"https:\/\/www.voecklabruck.org\/WPVB\/gemeinderat\/","title":{"rendered":"Gemeinderat"},"content":{"rendered":"\n<p class=\"wp-block-paragraph\">Die Gr\u00fcnen V\u00f6cklabruck sind seit der Gemeinderatswahl 1997 im Gemeinderat der Stadt V\u00f6cklabruck vertreten. Von 1997 bis 2003 mit zwei Mandaten, von 2003 bis 2015 mit 5 Mandaten. Seit der Gemeinderatswahl 2015 mit 6 Mandaten<\/p>\n\n\n\n<h3 class=\"wp-block-heading\" id=\"aufgaben-des-gemeinderates\">Aufgaben des Gemeinderates<\/h3>\n\n\n\n<p class=\"wp-block-paragraph\">Der V\u00f6cklabrucker Gemeinderat besteht aus 37 Personen (inkl. B\u00fcrgermeister und Stadtr\u00e4te). Die Aufgaben sind in der <a rel=\"noreferrer noopener\" aria-label=\"O\u00d6 Gemeindeordnung (\u00f6ffnet in neuem Tab)\" href=\"https:\/\/www.ris.bka.gv.at\/GeltendeFassung.wxe?Abfrage=LROO&amp;Gesetzesnummer=10000288\" target=\"_blank\">O\u00d6 Gemeindeordnung<\/a> geregelt. Der Gemeinderat ist f\u00fcr alle politischen Angelegenheiten der Gemeinde zust\u00e4ndig, vom Abfallwesen, \u00fcber die Kinderbetreuung, die Erhaltung der Pflichtschulen bis zum Verkehr. Zur Vorberatung der Themen des Gemeinderates gibt es 9 Aussch\u00fcsse (je 9 \/ 10 MandatarInnen) und den Pr\u00fcfungsausschuss.<\/p>\n\n\n\n<h3 class=\"wp-block-heading\" id=\"gemeinderatinnen-und-gemeinderate-der-grunen\">Gemeinder\u00e4tinnen und Gemeinder\u00e4te der Gr\u00fcnen<\/h3>\n\n\n\n<ul class=\"wp-block-list\">\n<li><strong>Sonja Pickhardt-Kr\u00f6pfel<\/strong>, Stadtr\u00e4tin f\u00fcr Umwelt, Klimaschutz, Integration, Stv. Vorsitzende im Ausschuss f\u00fcr Umwelt, Mobilit\u00e4t, Integration, Asyl und Spielpl\u00e4tze, , Stv. Mitglied im Ausschuss f\u00fcr Recht- und Grundangelegenheiten, \u00f6ffentliche Ordnung und Sicherheit<\/li>\n<\/ul>\n\n\n\n<ul class=\"wp-block-list\">\n<li><strong>Thomas Koller<\/strong>, Vorsitzende im Ausschuss f\u00fcr Umwelt, Mobilit\u00e4t, Integration, Asyl und Spielpl\u00e4tze, Stv. Fraktionsobmann, Referent f\u00fcr Radfahren, Spielpl\u00e4tze und Tierschutz Mitglied im Ausschuss f\u00fcr Sport und Gesundheit (derzeit in Karenz)<\/li>\n\n\n\n<li><strong>Marlene Sch\u00f6n, <\/strong>Mitglied im Ausschuss f\u00fcr Generationen und Wohnen<\/li>\n\n\n\n<li><strong>Elisabeth Joas<\/strong>, Mitglied im Abwasserverband Ager-West, \u00a0Stv. Mitglied im Ausschuss f\u00fcr Generationen und Wohnen<\/li>\n\n\n\n<li><strong>Stefan Hindinger<\/strong>, Fraktionsobmann, Stv. Mitglied im Ausschuss f\u00fcr Finanzen und Energie<\/li>\n\n\n\n<li><strong>Christine Sch\u00f6n<\/strong>, Mitglied im Ausschuss f\u00fcr Raumordnung und Tiefbau, Stv. Mitglied im Ausschuss f\u00fcr Soziales und Bildung, Mitglied im Sozialhilfeverband<\/li>\n<\/ul>\n\n\n\n<p class=\"wp-block-paragraph\">Dazu kommen noch folgende Ersatzgemeindr\u00e4tinnen und \u2013r\u00e4te die die Gr\u00fcnen in weiteren Aussch\u00fcssen vertreten:<\/p>\n\n\n\n<ul class=\"wp-block-list\">\n<li><strong>Petra Wimmer<\/strong>, Mitglied im Ausschuss f\u00fcr Tourismus, Wirtschaft und Hochbau<\/li>\n\n\n\n<li><strong>Tom Huchsion, <\/strong>Mitglied imAusschuss f\u00fcr Soziales und Bildung, Stv. Mitglied im Ausschuss f\u00fcr Kultur und Personal<\/li>\n\n\n\n<li><strong>Heinz Wimmer<\/strong>, Mitglied im Ausschuss f\u00fcr Finanzen und Energie, Aufsichtsrat der ASAK<\/li>\n\n\n\n<li><strong>Franz Frank<\/strong>, Mitglied im Ausschuss f\u00fcr Kultur und Personal<\/li>\n\n\n\n<li><strong>Johannes Rabengruber<\/strong>, Mitglied im Ausschuss f\u00fcr Recht- und Grundangelegenheiten, \u00f6ffentliche Ordnung und Sicherheit<\/li>\n\n\n\n<li><strong>Katharina Beer<\/strong>, Stv. Mitglied im Ausschuss f\u00fcr Raumordnung und Tiefbau, Stv. Mitglied im Ausschuss f\u00fcr Umwelt, Mobilit\u00e4t, Integration, Asyl und Spielpl\u00e4tze<\/li>\n\n\n\n<li><strong>Andreas Krenn<\/strong>, Mitglied im Pr\u00fcfungsausschuss<\/li>\n\n\n\n<li><strong>Lukas Reisinger<\/strong>, Mitglied im Ausschuss f\u00fcr Sport und Gesundheit<\/li>\n\n\n\n<li><strong>Petra P\u00f6ltner<\/strong>, Stv. Mitglied im Ausschuss f\u00fcr Umwelt, Mobilit\u00e4t, Integration, Asyl und Spielpl\u00e4tze<\/li>\n\n\n\n<li><strong>Klaus Oberndorfer<\/strong>, Stv. Mitglied im Ausschuss f\u00fcr Tourismus, Wirtschaft und Hochbau<\/li>\n\n\n\n<li><strong>Anna Schneeweis<\/strong>, Stv. Mitglied im Ausschuss f\u00fcr Sport und Gesundheit<\/li>\n\n\n\n<li><strong>Wolfgang Reisinger<\/strong>, Stv. Mitglied im Pr\u00fcfungsausschuss<\/li>\n<\/ul>\n\n\n\n<h3 class=\"wp-block-heading\" id=\"wahlergebnisse-bei-gemeinderatswahlen\">Wahlergebnisse bei Gemeinderatswahlen<\/h3>\n\n\n\n<p class=\"wp-block-paragraph\">(Prozentanteil der abgegebenen Stimmen \/ Anzahl der Mandate im Gemeinderat)<\/p>\n\n\n\n<figure class=\"wp-block-table aligncenter\"><table><tbody><tr><td class=\"has-text-align-center\" data-align=\"center\">   &nbsp;<strong>  Jahr <\/strong><\/td><td class=\"has-text-align-center\" data-align=\"center\">   <strong>\u00d6VP   <\/strong><\/td><td class=\"has-text-align-center\" data-align=\"center\">   <strong>SP\u00d6   <\/strong><\/td><td class=\"has-text-align-center\" data-align=\"center\"> <strong>  FP\u00d6<\/strong>   <\/td><td class=\"has-text-align-center\" data-align=\"center\"><strong>   GR\u00dcNE   <\/strong><\/td><td class=\"has-text-align-center\" data-align=\"center\"><strong>   V\u00d6BU   <\/strong><\/td><td class=\"has-text-align-center\" data-align=\"center\"><strong>NEOS<\/strong><\/td><td class=\"has-text-align-center\" data-align=\"center\"><strong>MFG<\/strong><\/td><\/tr><tr><td class=\"has-text-align-center\" data-align=\"center\">\n  1997\n  <\/td><td class=\"has-text-align-center\" data-align=\"center\">\n  46,41 % \/ 18\n  <\/td><td class=\"has-text-align-center\" data-align=\"center\">\n  25,47 % \/ 10\n  <\/td><td class=\"has-text-align-center\" data-align=\"center\">\n  17,07 % \/ 6\n  <\/td><td class=\"has-text-align-center\" data-align=\"center\">\n  5,94 % \/ 2\n  <\/td><td class=\"has-text-align-center\" data-align=\"center\">\n  2,84 % \/1\n  <\/td><td class=\"has-text-align-center\" data-align=\"center\"><\/td><td class=\"has-text-align-center\" data-align=\"center\"><\/td><\/tr><tr><td class=\"has-text-align-center\" data-align=\"center\">\n  2003\n  <\/td><td class=\"has-text-align-center\" data-align=\"center\">\n  42,3 % \/ 16\n  <\/td><td class=\"has-text-align-center\" data-align=\"center\">\n  36,28 % \/ 14\n  <\/td><td class=\"has-text-align-center\" data-align=\"center\">\n  6,65 % \/ 2\n  <\/td><td class=\"has-text-align-center\" data-align=\"center\">\n  14,77 % \/ 5\n  <\/td><td class=\"has-text-align-center\" data-align=\"center\">\n  &#8211;\n  <\/td><td class=\"has-text-align-center\" data-align=\"center\"><\/td><td class=\"has-text-align-center\" data-align=\"center\"><\/td><\/tr><tr><td class=\"has-text-align-center\" data-align=\"center\">\n  2009\n  <\/td><td class=\"has-text-align-center\" data-align=\"center\">\n  50,77 % \/ 19\n  <\/td><td class=\"has-text-align-center\" data-align=\"center\">\n  23,07 % \/ 9\n  <\/td><td class=\"has-text-align-center\" data-align=\"center\">\n  10,72 % \/ 4\n  <\/td><td class=\"has-text-align-center\" data-align=\"center\">\n  13,53 % \/ 5\n  <\/td><td class=\"has-text-align-center\" data-align=\"center\">\n  &#8211;\n  <\/td><td class=\"has-text-align-center\" data-align=\"center\"><\/td><td class=\"has-text-align-center\" data-align=\"center\"><\/td><\/tr><tr><td class=\"has-text-align-center\" data-align=\"center\">\n  2015\n  <\/td><td class=\"has-text-align-center\" data-align=\"center\">\n  48,60 % \/ 18\n  <\/td><td class=\"has-text-align-center\" data-align=\"center\">\n  16,99 % \/ 6\n  <\/td><td class=\"has-text-align-center\" data-align=\"center\">\n  18,94 % \/ 7\n  <\/td><td class=\"has-text-align-center\" data-align=\"center\">\n  15,47 % \/ 6\n  <\/td><td class=\"has-text-align-center\" data-align=\"center\">\n  &#8211;\n  <\/td><td class=\"has-text-align-center\" data-align=\"center\"><\/td><td class=\"has-text-align-center\" data-align=\"center\"><\/td><\/tr><tr><td class=\"has-text-align-center\" data-align=\"center\">2021<\/td><td class=\"has-text-align-center\" data-align=\"center\">33,57% \/ 13<\/td><td class=\"has-text-align-center\" data-align=\"center\">28,80% \/ 11<\/td><td class=\"has-text-align-center\" data-align=\"center\">11,30 % \/ 4<\/td><td class=\"has-text-align-center\" data-align=\"center\">16,52% \/ 6<\/td><td class=\"has-text-align-center\" data-align=\"center\">&#8211;<\/td><td class=\"has-text-align-center\" data-align=\"center\">5,45% \/ 2<\/td><td class=\"has-text-align-center\" data-align=\"center\">4,35 % \/ 1<\/td><\/tr><\/tbody><\/table><\/figure>\n\n\n\n<p class=\"wp-block-paragraph\"><\/p>\n","protected":false},"excerpt":{"rendered":"<p>Die Gr\u00fcnen V\u00f6cklabruck sind seit der Gemeinderatswahl 1997 im Gemeinderat der Stadt V\u00f6cklabruck vertreten. Von 1997 bis 2003 mit zwei Mandaten, von 2003 bis 2015 &#8230; <a title=\"Gemeinderat\" class=\"read-more\" href=\"https:\/\/www.voecklabruck.org\/WPVB\/gemeinderat\/\" aria-label=\"Mehr Informationen \u00fcber Gemeinderat\">weiterlesen<\/a><\/p>\n","protected":false},"author":1,"featured_media":0,"parent":0,"menu_order":0,"comment_status":"closed","ping_status":"closed","template":"","meta":{"_crdt_document":"","advgb_blocks_editor_width":"","advgb_blocks_columns_visual_guide":"","_mc_calendar":[],"footnotes":""},"class_list":["post-641","page","type-page","status-publish"],"coauthors":[],"author_meta":{"author_link":"https:\/\/www.voecklabruck.org\/WPVB\/author\/wordpressadmin\/","display_name":"Redakteur"},"relative_dates":{"created":"Posted 7\u00a0Jahren ago","modified":"Updated 1\u00a0Jahr ago"},"absolute_dates":{"created":"Posted on 18. Januar 2019","modified":"Updated on 2. April 2025"},"absolute_dates_time":{"created":"Posted on 18. Januar 2019 18:27","modified":"Updated on 2. April 2025 12:18"},"featured_img_caption":"","featured_img":false,"series_order":"","_links":{"self":[{"href":"https:\/\/www.voecklabruck.org\/WPVB\/wp-json\/wp\/v2\/pages\/641","targetHints":{"allow":["GET"]}}],"collection":[{"href":"https:\/\/www.voecklabruck.org\/WPVB\/wp-json\/wp\/v2\/pages"}],"about":[{"href":"https:\/\/www.voecklabruck.org\/WPVB\/wp-json\/wp\/v2\/types\/page"}],"author":[{"embeddable":true,"href":"https:\/\/www.voecklabruck.org\/WPVB\/wp-json\/wp\/v2\/users\/1"}],"replies":[{"embeddable":true,"href":"https:\/\/www.voecklabruck.org\/WPVB\/wp-json\/wp\/v2\/comments?post=641"}],"version-history":[{"count":11,"href":"https:\/\/www.voecklabruck.org\/WPVB\/wp-json\/wp\/v2\/pages\/641\/revisions"}],"predecessor-version":[{"id":5402,"href":"https:\/\/www.voecklabruck.org\/WPVB\/wp-json\/wp\/v2\/pages\/641\/revisions\/5402"}],"wp:attachment":[{"href":"https:\/\/www.voecklabruck.org\/WPVB\/wp-json\/wp\/v2\/media?parent=641"}],"curies":[{"name":"wp","href":"https:\/\/api.w.org\/{rel}","templated":true}]}}